{"id":85260,"date":"2022-05-10T15:38:53","date_gmt":"2022-05-10T13:38:53","guid":{"rendered":"https:\/\/rodas.efimatica.com\/que-fer\/"},"modified":"2025-01-13T17:25:16","modified_gmt":"2025-01-13T15:25:16","slug":"que-fer","status":"publish","type":"page","link":"https:\/\/www.campingrodas.com\/ca\/que-fer\/","title":{"rendered":"Qu\u00e8 fer"},"content":{"rendered":"<div class=\"wpb-content-wrapper\"><p>[vc_row row_height_percent=&#8221;0&#8243; override_padding=&#8221;yes&#8221; h_padding=&#8221;2&#8243; top_padding=&#8221;3&#8243; bottom_padding=&#8221;2&#8243; overlay_alpha=&#8221;50&#8243; gutter_size=&#8221;3&#8243; column_width_percent=&#8221;100&#8243; shift_y=&#8221;0&#8243; z_index=&#8221;0&#8243; uncode_shortcode_id=&#8221;114230&#8243;][vc_column width=&#8221;1\/2&#8243;][vc_single_image media=&#8221;84431&#8243; media_width_percent=&#8221;100&#8243; advanced=&#8221;yes&#8221; media_overlay_opacity=&#8221;30&#8243; media_padding=&#8221;2&#8243; uncode_shortcode_id=&#8221;254119&#8243;][\/vc_column][vc_column width=&#8221;1\/2&#8243;][vc_custom_heading text_size=&#8221;h5&#8243; uncode_shortcode_id=&#8221;651062&#8243; subheading=&#8221;Un cop us h\u00e0giu instal\u00b7lat al c\u00e0mping, sigui en una parcel\u00b7la, mobilhome o lodge, nom\u00e9s us haureu de deixar emportar pel moment. El <b>C\u00e0mping Rodas<\/b> \u00e9s un espai de relax, per\u00f2, sabeu qu\u00e8 trobeu a <b>l\u2019entorn<\/b> si sortiu del recinte?<\/p>\n<p><b>Roses<\/b> \u00e9s una vila en un entorn natural \u00fanic, doncs no nom\u00e9s \u00e9s a l\u2019eix de la badia, sin\u00f3 que \u00e9s la porta d\u2019entrada al <b>Parc Natural del Cap de Creus<\/b> i se situa molt a prop del <b>Parc Natural dels Aiguamolls<\/b>. La tradici\u00f3 marinera de Roses conflueix amb el turisme i la hist\u00f2ria.&#8221; text_color_type=&#8221;uncode-palette&#8221; text_color_solid=&#8221;#ff0000&#8243;]L&#8217;entorn del Camping Rodas[\/vc_custom_heading][vc_button button_color=&#8221;color-naranja&#8221; size=&#8221;btn-lg&#8221; border_width=&#8221;0&#8243; link=&#8221;url:https%3A%2F%2Flivingroses.cat%2Fgaudeix-roses%2F|target:_blank&#8221; button_color_type=&#8221;uncode-palette&#8221; uncode_shortcode_id=&#8221;390783&#8243;]+ INFO[\/vc_button][\/vc_column][\/vc_row][vc_row row_height_percent=&#8221;0&#8243; back_color=&#8221;color-gris&#8221; overlay_alpha=&#8221;50&#8243; gutter_size=&#8221;3&#8243; column_width_percent=&#8221;100&#8243; shift_y=&#8221;0&#8243; z_index=&#8221;0&#8243; uncode_shortcode_id=&#8221;169864&#8243; back_color_type=&#8221;uncode-palette&#8221;][vc_column width=&#8221;1\/2&#8243;][vc_custom_heading text_size=&#8221;h5&#8243; uncode_shortcode_id=&#8221;151643&#8243; subheading=&#8221;Ben a prop del C\u00e0mping hi descobrireu la platja. A tan sols 500 metres del c\u00e0mping hi ha la <b>platja de Santa Margarida<\/b>, un espai accessible ideal per a fam\u00edlies (disposa de servei de socorrisme) amb unes aig\u00fces poc profundes ideal per als nens. Just al costat es pot passejar per l\u2019agradable passeig mar\u00edtim, sempre ple de gent tant de dia com de nit.<\/p>\n<p>La <b>Platja Nova<\/b> \u00e9s la m\u00e9s gran de la badia amb una llargada de 450\u202fm de sorra fina; compta amb molts de serveis. Molt a prop tamb\u00e9 descobrireu la <b>Platja de Canyelles<\/b> Petites, una cala molt bonica i protegida de la tramuntana. Tot i que ja est\u00e0 un xic apartada, disposa de serveis com bar, restaurants, lloguer de patinets. Els que ens visiten amb gossos, a Empuriabrava hi ha la platja de <b>la Rubina<\/b> que \u00e9s \u201cPet friendly\u201d.<\/p>\n<p>Als que els agrada descobrir l\u2019entorn passejant, el cam\u00ed de ronda ressegueix la costa presentant diferents cales com <b>Cala Montjoi<\/b> o <b>Cala J\u00f2ncols<\/b>. L\u2019excursi\u00f3 et transporta a un altre m\u00f3n de paisatges arbustius i rocallosos que han inspirat artistes com Dal\u00ed, Pitxot o Mart\u00ednez Lozano.&#8221; text_color_type=&#8221;uncode-palette&#8221; text_color_solid=&#8221;#ff0000&#8243;]Platges per a tots els gustos[\/vc_custom_heading][vc_button button_color=&#8221;color-naranja&#8221; size=&#8221;btn-lg&#8221; border_width=&#8221;0&#8243; link=&#8221;url:https%3A%2F%2Flivingroses.cat%2Fplatges-i-cales-de-roses%2F|target:_blank&#8221; button_color_type=&#8221;uncode-palette&#8221; uncode_shortcode_id=&#8221;198044&#8243;]+ PLATGES[\/vc_button][\/vc_column][vc_column width=&#8221;1\/2&#8243;][vc_single_image media=&#8221;88650&#8243; media_width_percent=&#8221;100&#8243; advanced=&#8221;yes&#8221; media_overlay_opacity=&#8221;30&#8243; media_padding=&#8221;2&#8243; uncode_shortcode_id=&#8221;167035&#8243;][\/vc_column][\/vc_row][vc_row row_height_percent=&#8221;0&#8243; overlay_alpha=&#8221;50&#8243; gutter_size=&#8221;3&#8243; column_width_percent=&#8221;100&#8243; shift_y=&#8221;0&#8243; z_index=&#8221;0&#8243; uncode_shortcode_id=&#8221;787297&#8243;][vc_column width=&#8221;1\/2&#8243;][vc_single_image media=&#8221;88657&#8243; media_width_percent=&#8221;100&#8243; advanced=&#8221;yes&#8221; media_overlay_opacity=&#8221;30&#8243; media_padding=&#8221;2&#8243; uncode_shortcode_id=&#8221;181881&#8243;][\/vc_column][vc_column width=&#8221;1\/2&#8243;][vc_custom_heading text_size=&#8221;h5&#8243; uncode_shortcode_id=&#8221;185367&#8243; subheading=&#8221;Aquells que tinguin inquietud en la hist\u00f2ria de Roses podr\u00e0 descobrir la <b>Ciutadella de Roses<\/b>. A l\u2019estiu es converteix en un punt clau de la cultura musical acollint concerts de diversos festivals , per\u00f2 en qualsevol moment \u00e9s visitable. La fortificaci\u00f3 renaixentista est\u00e0 declarada B\u00e9 Cultural d&#8217;Inter\u00e8s Nacional (BCIN) i cont\u00e9 un jaciment arqueol\u00f2gic en continua investigaci\u00f3 que promet nous descobriments que serviran per descobrir la hist\u00f2ria de l\u2019antiga col\u00f2nia grega de Rhode.<\/p>\n<p>Sense moure\u2019s de Roses, el <b>Castell de la Trinitat<\/b> ofereix una vista privilegiada del municipi i la badia. \u00c9s una fortificaci\u00f3 militar datada de 1544.<\/p>\n<p>La comarca de l\u2019Alt Empord\u00e0 t\u00e9 la sort de conservar un llegat arqueol\u00f2gic de valor incalculable, el <b>jaciment arqueol\u00f2gic grecorom\u00e0 d\u2019Emp\u00faries<\/b>. Emp\u00faries \u00e9s l\u2019\u00fanic jaciment arqueol\u00f2gic de la pen\u00ednsula Ib\u00e8rica on conviuen les restes d\u2019una ciutat grega Emp\u00f2rion amb les d\u2019una ciutat romana, Emporiae. \u00c9s tamb\u00e9 la porta d\u2019entrada de la cultura cl\u00e0ssica: deu segles d\u2019hist\u00f2ria que van transformar per sempre els antics pobles ibers que hi habitaven.<\/p>\n<p>El passeig per la hist\u00f2ria ens porta al monestir de Sant Pere de Rodes, un monestir benedict\u00ed del segle IX molt ben conservat i que, a banda i banda de la serra de Verdera, dona una de les millors vistes de la plana empordanesa.&#8221; text_color_type=&#8221;uncode-palette&#8221; text_color_solid=&#8221;#ff0000&#8243;]Un passeig per la hist\u00f2ria[\/vc_custom_heading][\/vc_column][\/vc_row][vc_row row_height_percent=&#8221;0&#8243; back_color=&#8221;color-gris&#8221; overlay_alpha=&#8221;50&#8243; gutter_size=&#8221;3&#8243; column_width_percent=&#8221;100&#8243; shift_y=&#8221;0&#8243; z_index=&#8221;0&#8243; uncode_shortcode_id=&#8221;169864&#8243; back_color_type=&#8221;uncode-palette&#8221;][vc_column width=&#8221;1\/2&#8243;][vc_custom_heading text_size=&#8221;h5&#8243; uncode_shortcode_id=&#8221;985022&#8243; subheading=&#8221;El <b>C\u00e0mping Rodas<\/b> t\u00e9 un espai de joc per als nens. A les platges de Roses tamb\u00e9 hi ha espais per als m\u00e9s petits i molt a prop un <b>parc aqu\u00e0tic<\/b> i un <b>k\u00e0rting<\/b>. La comarca tamb\u00e9 disposa d\u2019equipaments per als infants i durant tot l\u2019any hi ha oferta cultural destinada als menors. Els petits segur que gaudiran d\u2019una passejada en barca pels canals d\u2019Empuriabrava.&#8221;]Per fer amb nens[\/vc_custom_heading][\/vc_column][vc_column width=&#8221;1\/2&#8243;][vc_single_image media=&#8221;84453&#8243; media_width_percent=&#8221;100&#8243; advanced=&#8221;yes&#8221; media_overlay_opacity=&#8221;30&#8243; media_padding=&#8221;2&#8243; uncode_shortcode_id=&#8221;184755&#8243;][\/vc_column][\/vc_row][vc_row row_height_percent=&#8221;0&#8243; overlay_alpha=&#8221;50&#8243; gutter_size=&#8221;3&#8243; column_width_percent=&#8221;100&#8243; shift_y=&#8221;0&#8243; z_index=&#8221;0&#8243; uncode_shortcode_id=&#8221;787297&#8243;][vc_column width=&#8221;1\/2&#8243;][vc_single_image media=&#8221;84460&#8243; media_width_percent=&#8221;100&#8243; advanced=&#8221;yes&#8221; media_overlay_opacity=&#8221;30&#8243; media_padding=&#8221;2&#8243; uncode_shortcode_id=&#8221;815234&#8243;][\/vc_column][vc_column width=&#8221;1\/2&#8243;][vc_custom_heading text_size=&#8221;h5&#8243; uncode_shortcode_id=&#8221;209881&#8243; subheading=&#8221;Aquells als que els agrada l\u2019aventura tamb\u00e9 trobaran molt\u00edssimes opcions molt a la vora de c\u00e0mping. Molt a prop hi ha dos centres de renom mundial en <b>skydiving<\/b> i vol en <b>t\u00fanel de vent<\/b>. Els amants de la fauna i flora submarina tamb\u00e9 s\u2019ho passaran genial fent activitats <b>subaqu\u00e0tiques<\/b>.<\/p>\n<p>En clau familiar, hi ha desenes de rutes al voltant del c\u00e0mping per gaudir de la natura.&#8221; text_color_type=&#8221;uncode-palette&#8221; text_color_solid=&#8221;#ff0000&#8243;]Turisme actiu[\/vc_custom_heading][\/vc_column][\/vc_row][vc_row row_height_percent=&#8221;0&#8243; back_color=&#8221;color-gris&#8221; overlay_alpha=&#8221;50&#8243; gutter_size=&#8221;3&#8243; column_width_percent=&#8221;100&#8243; shift_y=&#8221;0&#8243; z_index=&#8221;0&#8243; uncode_shortcode_id=&#8221;169864&#8243; back_color_type=&#8221;uncode-palette&#8221;][vc_column width=&#8221;1\/2&#8243;][vc_custom_heading text_size=&#8221;h5&#8243; uncode_shortcode_id=&#8221;468850&#8243; subheading=&#8221;Uns dels referents literaris de l\u2019Alt Empord\u00e0, Maria \u00c0ngels Anglada, va descriure un dels altres indrets que est\u00e0 molt a prop del <b>C\u00e0mping Rodas<\/b>: El <b>parc natural dels Aiguamolls de l&#8217;Empord\u00e0<\/b>. Aquesta \u00e9s una gran \u00e0rea humida que s\u2019ha conservat sense urbanitzar essent el refugi de centenars d\u2019esp\u00e8cies animals.<\/p>\n<p>El Cap de Creus i la Serra de Verdera tamb\u00e9 s\u00f3n un bonic entorn per gaudir de la flora i la fauna, molt a prop de Roses. Un xic m\u00e9s lluny hi trobem el paratge de l\u2019Albera i encara m\u00e9s enll\u00e0 el Parc Natural del Montgr\u00ed, les Illes Medes i el Baix Ter.&#8221; text_color_type=&#8221;uncode-palette&#8221; text_color_solid=&#8221;#ff0000&#8243;]Per gaudir de la natura i l\u2019aire lliure[\/vc_custom_heading][\/vc_column][vc_column width=&#8221;1\/2&#8243;][vc_single_image media=&#8221;84466&#8243; media_width_percent=&#8221;100&#8243; advanced=&#8221;yes&#8221; media_overlay_opacity=&#8221;30&#8243; media_padding=&#8221;2&#8243; uncode_shortcode_id=&#8221;204740&#8243;][\/vc_column][\/vc_row][vc_row row_height_percent=&#8221;0&#8243; overlay_alpha=&#8221;50&#8243; gutter_size=&#8221;3&#8243; column_width_percent=&#8221;100&#8243; shift_y=&#8221;0&#8243; z_index=&#8221;0&#8243; uncode_shortcode_id=&#8221;787297&#8243;][vc_column width=&#8221;1\/2&#8243;][vc_single_image media=&#8221;84474&#8243; media_width_percent=&#8221;100&#8243; advanced=&#8221;yes&#8221; media_overlay_opacity=&#8221;30&#8243; media_padding=&#8221;2&#8243; uncode_shortcode_id=&#8221;127604&#8243;][\/vc_column][vc_column width=&#8221;1\/2&#8243;][vc_custom_heading text_size=&#8221;h5&#8243; uncode_shortcode_id=&#8221;102411&#8243; subheading=&#8221;La tradici\u00f3 agr\u00edcola de l\u2019Alt Empord\u00e0 s\u2019ha destacat per una producci\u00f3 vitivin\u00edcola excel\u00b7lent que ha donat fruit en vins guardonats de diferents cellers. Els petits productors de vi ofereixen visites enogastron\u00f2miques al seu espai.<\/p>\n<p>L\u2019oferta en <b>restauraci\u00f3<\/b> tamb\u00e9 \u00e9s meravellosa i far\u00e0 que mai t\u2019oblidis de com es menja a la comarca. Durant l\u2019any es fan fires amb el menjar com a centre: La ruta de les tapes de Roses, els tastets surrealistes de Figueres o la mostra del vi de l\u2019Empord\u00e0.<\/p>\n<p>Si el vols \u00e9s gaudir de productes de qualitat, setmanalment es realitzen mercats de fruita i verdura per tota la comarca. Els agricultors venen els seus productes de proximitat directament.&#8221; text_color_type=&#8221;uncode-palette&#8221; text_color_solid=&#8221;#ff0000&#8243;]Assaborir la comarca[\/vc_custom_heading][\/vc_column][\/vc_row][vc_row row_height_percent=&#8221;0&#8243; back_color=&#8221;color-gris&#8221; overlay_alpha=&#8221;50&#8243; gutter_size=&#8221;3&#8243; column_width_percent=&#8221;100&#8243; shift_y=&#8221;0&#8243; z_index=&#8221;0&#8243; uncode_shortcode_id=&#8221;169864&#8243; back_color_type=&#8221;uncode-palette&#8221;][vc_column width=&#8221;1\/2&#8243;][vc_custom_heading text_size=&#8221;h5&#8243; uncode_shortcode_id=&#8221;202302&#8243; subheading=&#8221;Si voleu veure aquests paisatges amb els ulls privilegiats del gran geni universal, hauran de visitar <b>Figueres<\/b> i el <b>Teatre-Museu Dal\u00ed<\/b> \u2013una de les potes del triangle dalini\u00e0. La capital de la comarca \u00e9s un pol d\u2019activitat cultural, per\u00f2 tamb\u00e9 comercial. A Figueres tamb\u00e9 hi trobaran m\u00e9s museus com el Museu del Joguet de Catalunya o el Castell de Sant Ferran, la segona fortalesa m\u00e9s gran d\u2019Europa.<\/p>\n<p><b>Cadaqu\u00e9s<\/b> brilla per si mateix; va ser font d\u2019inspiraci\u00f3 de Salvador Dal\u00ed i conserva una arquitectura i carrers molt aut\u00e8ntics que us transportaran a una vila marinera amb segles d\u2019hist\u00f2ria.<\/p>\n<p>L\u2019oferta cultural i tur\u00edstica de la comarca \u00e9s inacabable. La proximitat de la comarca amb la frontera va provocar que fou un lloc de pas durant l\u2019exili de la Guerra Civil Espanyola, fet es reflecteix en el Museu de l\u2019Exili de <b>la Jonquera<\/b>. A Figueres es conserven diversos refugis antiaeris, un d\u2019ells visitable, i tot un seguit d\u2019elements defensius situats a la vora del mar (a Roses n\u2019hi ha) i en els punts fronterers de la Serra de l\u2019Albera.<\/p>\n<p>Roses i Figueres tenen un gran atractiu comercial, amb botigues de tota mena. Tamb\u00e9 hi ha mercats de la roba, amb peces de vestir de tota mena i a molt bon preu.&#8221; text_color_type=&#8221;uncode-palette&#8221; text_color_solid=&#8221;#ff0000&#8243;]Tota una comarca d\u2019activitats[\/vc_custom_heading][\/vc_column][vc_column width=&#8221;1\/2&#8243;][vc_single_image media=&#8221;84480&#8243; media_width_percent=&#8221;100&#8243; advanced=&#8221;yes&#8221; media_overlay_opacity=&#8221;30&#8243; media_padding=&#8221;2&#8243; uncode_shortcode_id=&#8221;844569&#8243;][\/vc_column][\/vc_row][vc_row][vc_column width=&#8221;1\/1&#8243;][\/vc_column][\/vc_row][vc_row][vc_column width=&#8221;1\/1&#8243;][uncode_block id=&#8221;83903&#8243;][\/vc_column][\/vc_row]<\/p>\n<\/div>","protected":false},"excerpt":{"rendered":"<p>[vc_row row_height_percent=&#8221;0&#8243; override_padding=&#8221;yes&#8221; h_padding=&#8221;2&#8243; top_padding=&#8221;3&#8243; bottom_padding=&#8221;2&#8243; overlay_alpha=&#8221;50&#8243; gutter_size=&#8221;3&#8243; column_width_percent=&#8221;100&#8243; shift_y=&#8221;0&#8243; z_index=&#8221;0&#8243; uncode_shortcode_id=&#8221;114230&#8243;][vc_column width=&#8221;1\/2&#8243;][vc_single_image media=&#8221;84431&#8243; media_width_percent=&#8221;100&#8243; advanced=&#8221;yes&#8221; media_overlay_opacity=&#8221;30&#8243; media_padding=&#8221;2&#8243; uncode_shortcode_id=&#8221;254119&#8243;][\/vc_column][vc_column width=&#8221;1\/2&#8243;][vc_custom_heading [&hellip;]<\/p>\n","protected":false},"author":2,"featured_media":88092,"parent":0,"menu_order":59,"comment_status":"closed","ping_status":"closed","template":"","meta":{"footnotes":""},"class_list":["post-85260","page","type-page","status-publish","has-post-thumbnail","hentry"],"yoast_head":"<!-- This site is optimized with the Yoast SEO plugin v25.2 - https:\/\/yoast.com\/wordpress\/plugins\/seo\/ -->\n<title>Qu\u00e8 fer - Camping Rodas | Roses |\u00a0Costa brava<\/title>\n<meta name=\"robots\" content=\"index, follow, max-snippet:-1, max-image-preview:large, max-video-preview:-1\" \/>\n<link rel=\"canonical\" href=\"https:\/\/www.campingrodas.com\/ca\/que-fer\/\" \/>\n<meta property=\"og:locale\" content=\"ca_ES\" \/>\n<meta property=\"og:type\" content=\"article\" \/>\n<meta property=\"og:title\" content=\"Qu\u00e8 fer - Camping Rodas | Roses |\u00a0Costa brava\" \/>\n<meta property=\"og:description\" content=\"[vc_row row_height_percent=&#8221;0&#8243; override_padding=&#8221;yes&#8221; h_padding=&#8221;2&#8243; top_padding=&#8221;3&#8243; bottom_padding=&#8221;2&#8243; overlay_alpha=&#8221;50&#8243; gutter_size=&#8221;3&#8243; column_width_percent=&#8221;100&#8243; shift_y=&#8221;0&#8243; z_index=&#8221;0&#8243; uncode_shortcode_id=&#8221;114230&#8243;][vc_column width=&#8221;1\/2&#8243;][vc_single_image media=&#8221;84431&#8243; media_width_percent=&#8221;100&#8243; advanced=&#8221;yes&#8221; media_overlay_opacity=&#8221;30&#8243; media_padding=&#8221;2&#8243; uncode_shortcode_id=&#8221;254119&#8243;][\/vc_column][vc_column width=&#8221;1\/2&#8243;][vc_custom_heading [&hellip;]\" \/>\n<meta property=\"og:url\" content=\"https:\/\/www.campingrodas.com\/ca\/que-fer\/\" \/>\n<meta property=\"og:site_name\" content=\"Camping Rodas | Roses |\u00a0Costa brava\" \/>\n<meta property=\"article:publisher\" content=\"https:\/\/www.facebook.com\/campingrodas\" \/>\n<meta property=\"article:modified_time\" content=\"2025-01-13T15:25:16+00:00\" \/>\n<meta property=\"og:image\" content=\"https:\/\/www.campingrodas.com\/wp-content\/uploads\/2024\/02\/iStock-1323085375-Mediano.jpg\" \/>\n\t<meta property=\"og:image:width\" content=\"907\" \/>\n\t<meta property=\"og:image:height\" content=\"768\" \/>\n\t<meta property=\"og:image:type\" content=\"image\/jpeg\" \/>\n<meta name=\"twitter:card\" content=\"summary_large_image\" \/>\n<meta name=\"twitter:site\" content=\"@campingrodas\" \/>\n<meta name=\"twitter:label1\" content=\"Temps estimat de lectura\" \/>\n\t<meta name=\"twitter:data1\" content=\"6 minuts\" \/>\n<script type=\"application\/ld+json\" class=\"yoast-schema-graph\">{\"@context\":\"https:\/\/schema.org\",\"@graph\":[{\"@type\":\"WebPage\",\"@id\":\"https:\/\/www.campingrodas.com\/ca\/que-fer\/\",\"url\":\"https:\/\/www.campingrodas.com\/ca\/que-fer\/\",\"name\":\"Qu\u00e8 fer - Camping Rodas | Roses |\u00a0Costa brava\",\"isPartOf\":{\"@id\":\"https:\/\/www.campingrodas.com\/ca\/#website\"},\"primaryImageOfPage\":{\"@id\":\"https:\/\/www.campingrodas.com\/ca\/que-fer\/#primaryimage\"},\"image\":{\"@id\":\"https:\/\/www.campingrodas.com\/ca\/que-fer\/#primaryimage\"},\"thumbnailUrl\":\"https:\/\/www.campingrodas.com\/wp-content\/uploads\/2024\/02\/iStock-1323085375-Mediano.jpg\",\"datePublished\":\"2022-05-10T13:38:53+00:00\",\"dateModified\":\"2025-01-13T15:25:16+00:00\",\"breadcrumb\":{\"@id\":\"https:\/\/www.campingrodas.com\/ca\/que-fer\/#breadcrumb\"},\"inLanguage\":\"ca\",\"potentialAction\":[{\"@type\":\"ReadAction\",\"target\":[\"https:\/\/www.campingrodas.com\/ca\/que-fer\/\"]}]},{\"@type\":\"ImageObject\",\"inLanguage\":\"ca\",\"@id\":\"https:\/\/www.campingrodas.com\/ca\/que-fer\/#primaryimage\",\"url\":\"https:\/\/www.campingrodas.com\/wp-content\/uploads\/2024\/02\/iStock-1323085375-Mediano.jpg\",\"contentUrl\":\"https:\/\/www.campingrodas.com\/wp-content\/uploads\/2024\/02\/iStock-1323085375-Mediano.jpg\",\"width\":907,\"height\":768,\"caption\":\"Spain Mediterranean coast, beach with tourists in summer and fish with rocks underwater, split view above and below sea surface, Costa Brava, Roses, Cala Rostella, Catalonia\"},{\"@type\":\"BreadcrumbList\",\"@id\":\"https:\/\/www.campingrodas.com\/ca\/que-fer\/#breadcrumb\",\"itemListElement\":[{\"@type\":\"ListItem\",\"position\":1,\"name\":\"Inici\",\"item\":\"https:\/\/www.campingrodas.com\/ca\/\"},{\"@type\":\"ListItem\",\"position\":2,\"name\":\"Qu\u00e8 fer\"}]},{\"@type\":\"WebSite\",\"@id\":\"https:\/\/www.campingrodas.com\/ca\/#website\",\"url\":\"https:\/\/www.campingrodas.com\/ca\/\",\"name\":\"Camping Rodas | Roses |\u00a0Costa brava\",\"description\":\"Camping familiar ubicado en el la entrada del pueblo de Roses, muy cerca de la playa de Santa Margarita\",\"publisher\":{\"@id\":\"https:\/\/www.campingrodas.com\/ca\/#organization\"},\"potentialAction\":[{\"@type\":\"SearchAction\",\"target\":{\"@type\":\"EntryPoint\",\"urlTemplate\":\"https:\/\/www.campingrodas.com\/ca\/?s={search_term_string}\"},\"query-input\":{\"@type\":\"PropertyValueSpecification\",\"valueRequired\":true,\"valueName\":\"search_term_string\"}}],\"inLanguage\":\"ca\"},{\"@type\":\"Organization\",\"@id\":\"https:\/\/www.campingrodas.com\/ca\/#organization\",\"name\":\"Camping Rodas\",\"url\":\"https:\/\/www.campingrodas.com\/ca\/\",\"logo\":{\"@type\":\"ImageObject\",\"inLanguage\":\"ca\",\"@id\":\"https:\/\/www.campingrodas.com\/ca\/#\/schema\/logo\/image\/\",\"url\":\"https:\/\/www.campingrodas.com\/wp-content\/uploads\/2022\/04\/camping-rodas_logo_positiu.png\",\"contentUrl\":\"https:\/\/www.campingrodas.com\/wp-content\/uploads\/2022\/04\/camping-rodas_logo_positiu.png\",\"width\":229,\"height\":53,\"caption\":\"Camping Rodas\"},\"image\":{\"@id\":\"https:\/\/www.campingrodas.com\/ca\/#\/schema\/logo\/image\/\"},\"sameAs\":[\"https:\/\/www.facebook.com\/campingrodas\",\"https:\/\/x.com\/campingrodas\",\"https:\/\/www.instagram.com\/campingrodas\/\"]}]}<\/script>\n<!-- \/ Yoast SEO plugin. -->","yoast_head_json":{"title":"Qu\u00e8 fer - Camping Rodas | Roses |\u00a0Costa brava","robots":{"index":"index","follow":"follow","max-snippet":"max-snippet:-1","max-image-preview":"max-image-preview:large","max-video-preview":"max-video-preview:-1"},"canonical":"https:\/\/www.campingrodas.com\/ca\/que-fer\/","og_locale":"ca_ES","og_type":"article","og_title":"Qu\u00e8 fer - Camping Rodas | Roses |\u00a0Costa brava","og_description":"[vc_row row_height_percent=&#8221;0&#8243; override_padding=&#8221;yes&#8221; h_padding=&#8221;2&#8243; top_padding=&#8221;3&#8243; bottom_padding=&#8221;2&#8243; overlay_alpha=&#8221;50&#8243; gutter_size=&#8221;3&#8243; column_width_percent=&#8221;100&#8243; shift_y=&#8221;0&#8243; z_index=&#8221;0&#8243; uncode_shortcode_id=&#8221;114230&#8243;][vc_column width=&#8221;1\/2&#8243;][vc_single_image media=&#8221;84431&#8243; media_width_percent=&#8221;100&#8243; advanced=&#8221;yes&#8221; media_overlay_opacity=&#8221;30&#8243; media_padding=&#8221;2&#8243; uncode_shortcode_id=&#8221;254119&#8243;][\/vc_column][vc_column width=&#8221;1\/2&#8243;][vc_custom_heading [&hellip;]","og_url":"https:\/\/www.campingrodas.com\/ca\/que-fer\/","og_site_name":"Camping Rodas | Roses |\u00a0Costa brava","article_publisher":"https:\/\/www.facebook.com\/campingrodas","article_modified_time":"2025-01-13T15:25:16+00:00","og_image":[{"width":907,"height":768,"url":"https:\/\/www.campingrodas.com\/wp-content\/uploads\/2024\/02\/iStock-1323085375-Mediano.jpg","type":"image\/jpeg"}],"twitter_card":"summary_large_image","twitter_site":"@campingrodas","twitter_misc":{"Temps estimat de lectura":"6 minuts"},"schema":{"@context":"https:\/\/schema.org","@graph":[{"@type":"WebPage","@id":"https:\/\/www.campingrodas.com\/ca\/que-fer\/","url":"https:\/\/www.campingrodas.com\/ca\/que-fer\/","name":"Qu\u00e8 fer - Camping Rodas | Roses |\u00a0Costa brava","isPartOf":{"@id":"https:\/\/www.campingrodas.com\/ca\/#website"},"primaryImageOfPage":{"@id":"https:\/\/www.campingrodas.com\/ca\/que-fer\/#primaryimage"},"image":{"@id":"https:\/\/www.campingrodas.com\/ca\/que-fer\/#primaryimage"},"thumbnailUrl":"https:\/\/www.campingrodas.com\/wp-content\/uploads\/2024\/02\/iStock-1323085375-Mediano.jpg","datePublished":"2022-05-10T13:38:53+00:00","dateModified":"2025-01-13T15:25:16+00:00","breadcrumb":{"@id":"https:\/\/www.campingrodas.com\/ca\/que-fer\/#breadcrumb"},"inLanguage":"ca","potentialAction":[{"@type":"ReadAction","target":["https:\/\/www.campingrodas.com\/ca\/que-fer\/"]}]},{"@type":"ImageObject","inLanguage":"ca","@id":"https:\/\/www.campingrodas.com\/ca\/que-fer\/#primaryimage","url":"https:\/\/www.campingrodas.com\/wp-content\/uploads\/2024\/02\/iStock-1323085375-Mediano.jpg","contentUrl":"https:\/\/www.campingrodas.com\/wp-content\/uploads\/2024\/02\/iStock-1323085375-Mediano.jpg","width":907,"height":768,"caption":"Spain Mediterranean coast, beach with tourists in summer and fish with rocks underwater, split view above and below sea surface, Costa Brava, Roses, Cala Rostella, Catalonia"},{"@type":"BreadcrumbList","@id":"https:\/\/www.campingrodas.com\/ca\/que-fer\/#breadcrumb","itemListElement":[{"@type":"ListItem","position":1,"name":"Inici","item":"https:\/\/www.campingrodas.com\/ca\/"},{"@type":"ListItem","position":2,"name":"Qu\u00e8 fer"}]},{"@type":"WebSite","@id":"https:\/\/www.campingrodas.com\/ca\/#website","url":"https:\/\/www.campingrodas.com\/ca\/","name":"Camping Rodas | Roses |\u00a0Costa brava","description":"Camping familiar ubicado en el la entrada del pueblo de Roses, muy cerca de la playa de Santa Margarita","publisher":{"@id":"https:\/\/www.campingrodas.com\/ca\/#organization"},"potentialAction":[{"@type":"SearchAction","target":{"@type":"EntryPoint","urlTemplate":"https:\/\/www.campingrodas.com\/ca\/?s={search_term_string}"},"query-input":{"@type":"PropertyValueSpecification","valueRequired":true,"valueName":"search_term_string"}}],"inLanguage":"ca"},{"@type":"Organization","@id":"https:\/\/www.campingrodas.com\/ca\/#organization","name":"Camping Rodas","url":"https:\/\/www.campingrodas.com\/ca\/","logo":{"@type":"ImageObject","inLanguage":"ca","@id":"https:\/\/www.campingrodas.com\/ca\/#\/schema\/logo\/image\/","url":"https:\/\/www.campingrodas.com\/wp-content\/uploads\/2022\/04\/camping-rodas_logo_positiu.png","contentUrl":"https:\/\/www.campingrodas.com\/wp-content\/uploads\/2022\/04\/camping-rodas_logo_positiu.png","width":229,"height":53,"caption":"Camping Rodas"},"image":{"@id":"https:\/\/www.campingrodas.com\/ca\/#\/schema\/logo\/image\/"},"sameAs":["https:\/\/www.facebook.com\/campingrodas","https:\/\/x.com\/campingrodas","https:\/\/www.instagram.com\/campingrodas\/"]}]}},"_links":{"self":[{"href":"https:\/\/www.campingrodas.com\/ca\/wp-json\/wp\/v2\/pages\/85260","targetHints":{"allow":["GET"]}}],"collection":[{"href":"https:\/\/www.campingrodas.com\/ca\/wp-json\/wp\/v2\/pages"}],"about":[{"href":"https:\/\/www.campingrodas.com\/ca\/wp-json\/wp\/v2\/types\/page"}],"author":[{"embeddable":true,"href":"https:\/\/www.campingrodas.com\/ca\/wp-json\/wp\/v2\/users\/2"}],"replies":[{"embeddable":true,"href":"https:\/\/www.campingrodas.com\/ca\/wp-json\/wp\/v2\/comments?post=85260"}],"version-history":[{"count":7,"href":"https:\/\/www.campingrodas.com\/ca\/wp-json\/wp\/v2\/pages\/85260\/revisions"}],"predecessor-version":[{"id":88452,"href":"https:\/\/www.campingrodas.com\/ca\/wp-json\/wp\/v2\/pages\/85260\/revisions\/88452"}],"wp:featuredmedia":[{"embeddable":true,"href":"https:\/\/www.campingrodas.com\/ca\/wp-json\/wp\/v2\/media\/88092"}],"wp:attachment":[{"href":"https:\/\/www.campingrodas.com\/ca\/wp-json\/wp\/v2\/media?parent=85260"}],"curies":[{"name":"wp","href":"https:\/\/api.w.org\/{rel}","templated":true}]}}