{"id":85226,"date":"2022-05-10T10:55:53","date_gmt":"2022-05-10T08:55:53","guid":{"rendered":"https:\/\/rodas.efimatica.com\/lodge\/"},"modified":"2025-02-12T17:11:55","modified_gmt":"2025-02-12T15:11:55","slug":"lodge","status":"publish","type":"page","link":"https:\/\/www.campingrodas.com\/ca\/lodge\/","title":{"rendered":"Glamping"},"content":{"rendered":"<div class=\"wpb-content-wrapper\"><p>[vc_row][vc_column width=&#8221;1\/1&#8243;][vc_row_inner limit_content=&#8221;&#8221;][vc_column_inner column_width_percent=&#8221;100&#8243; position_horizontal=&#8221;right&#8221; align_horizontal=&#8221;align_right&#8221; gutter_size=&#8221;3&#8243; overlay_alpha=&#8221;50&#8243; shift_x=&#8221;0&#8243; shift_y=&#8221;0&#8243; shift_y_down=&#8221;0&#8243; z_index=&#8221;0&#8243; medium_width=&#8221;0&#8243; mobile_width=&#8221;0&#8243; width=&#8221;1\/4&#8243; uncode_shortcode_id=&#8221;150209&#8243;][\/vc_column_inner][vc_column_inner column_width_percent=&#8221;100&#8243; position_horizontal=&#8221;left&#8221; gutter_size=&#8221;3&#8243; overlay_alpha=&#8221;50&#8243; shift_x=&#8221;0&#8243; shift_y=&#8221;0&#8243; shift_y_down=&#8221;0&#8243; z_index=&#8221;0&#8243; medium_width=&#8221;0&#8243; mobile_width=&#8221;0&#8243; width=&#8221;1\/4&#8243; uncode_shortcode_id=&#8221;873219&#8243;][vc_button button_color=&#8221;accent&#8221; radius=&#8221;btn-default-shape&#8221; hover_fx=&#8221;outlined&#8221; outline=&#8221;yes&#8221; border_width=&#8221;0&#8243; button_color_type=&#8221;uncode-palette&#8221; uncode_shortcode_id=&#8221;322361&#8243; link=&#8221;url:%23glamping|title:GLAMPING%20EMPORD%C3%80|&#8221;]GLAMPING EMPORD\u00c0[\/vc_button][\/vc_column_inner][vc_column_inner column_width_percent=&#8221;100&#8243; align_horizontal=&#8221;align_center&#8221; gutter_size=&#8221;3&#8243; overlay_alpha=&#8221;50&#8243; shift_x=&#8221;0&#8243; shift_y=&#8221;0&#8243; shift_y_down=&#8221;0&#8243; z_index=&#8221;0&#8243; medium_width=&#8221;0&#8243; mobile_width=&#8221;0&#8243; width=&#8221;1\/4&#8243; uncode_shortcode_id=&#8221;222064&#8243;][vc_button button_color=&#8221;accent&#8221; radius=&#8221;btn-default-shape&#8221; hover_fx=&#8221;outlined&#8221; outline=&#8221;yes&#8221; border_width=&#8221;0&#8243; button_color_type=&#8221;uncode-palette&#8221; uncode_shortcode_id=&#8221;692973&#8243; link=&#8221;url:%23lodge|title:LODGE|&#8221;]LODGE[\/vc_button][\/vc_column_inner][vc_column_inner width=&#8221;1\/4&#8243;][\/vc_column_inner][\/vc_row_inner][vc_separator sep_color=&#8221;color-gris&#8221; uncode_shortcode_id=&#8221;170465&#8243; sep_color_type=&#8221;uncode-palette&#8221;][\/vc_column][\/vc_row][vc_row row_height_percent=&#8221;0&#8243; override_padding=&#8221;yes&#8221; h_padding=&#8221;2&#8243; top_padding=&#8221;3&#8243; bottom_padding=&#8221;3&#8243; overlay_alpha=&#8221;50&#8243; gutter_size=&#8221;3&#8243; column_width_percent=&#8221;100&#8243; shift_y=&#8221;0&#8243; z_index=&#8221;0&#8243; uncode_shortcode_id=&#8221;203160&#8243; el_id=&#8221;glamping&#8221;][vc_column width=&#8221;1\/2&#8243;][vc_custom_heading text_size=&#8221;h5&#8243; uncode_shortcode_id=&#8221;836827&#8243; subheading=&#8221;Gaudeix de les teves vacances al Glamping Empord\u00e0. La capacitat m\u00e0xima \u00e9s de 5 persones i la superf\u00edcie total de 34 m\u00b2 (23m\u00b2 d&#8217;interior m\u00e9s 11m\u00b2 de terrassa).<br \/>\nAquest allotjament est\u00e0 equipat amb cuina d\u00b4inducci\u00f3, nevera, cafetera Dolce Gusto, microones i amb tots els utensilis de cuina.<\/p>\n<p>Disposa de bany i dutxa; terrassa moblada; una pla\u00e7a daparcament; i ventilador, per\u00f2 no disposa d&#8217;aire condicionat. La connexi\u00f3 wifi est\u00e0 inclosa al preu.<\/p>\n<p>El c\u00e0mping proporciona la roba de llit, per\u00f2 no les tovalloles, encara que es poden llogar. Per a estades de llarga durada s&#8217;hi inclou un canvi setmanal de la roba de llit.<\/p>\n<p>L\u00b4espai disposa de 2 habitacions amb la seg\u00fcent distribu\u00eft: una habitaci\u00f3 principal, que compta amb un llit de matrimoni (160&#215;200), i una segona habitaci\u00f3 amb llitera doble de (80 x190) i un llit individual (80&#215;190).<\/p>\n<p>Les barbacoes de carb\u00f3 o llenya estan prohibides i nom\u00e9s es permet l\u00fas de les barbacoes el\u00e8ctriques o de gas. No s&#8217;accepten animals.&#8221; text_color_type=&#8221;uncode-palette&#8221; text_color_solid=&#8221;#ff0000&#8243;]GLAMPING EMPORD\u00c0[\/vc_custom_heading][vc_column_text uncode_shortcode_id=&#8221;166411&#8243;]<img decoding=\"async\" class=\"alignnone wp-image-86942\" src=\"https:\/\/www.campingrodas.com\/wp-content\/uploads\/2023\/02\/26m-300x300.png\" alt=\"\" width=\"64\" height=\"64\" srcset=\"https:\/\/www.campingrodas.com\/wp-content\/uploads\/2023\/02\/26m-300x300.png 300w, https:\/\/www.campingrodas.com\/wp-content\/uploads\/2023\/02\/26m-150x150.png 150w, https:\/\/www.campingrodas.com\/wp-content\/uploads\/2023\/02\/26m.png 512w\" sizes=\"(max-width: 64px) 100vw, 64px\" \/><img decoding=\"async\" class=\"alignnone wp-image-87002\" src=\"https:\/\/www.campingrodas.com\/wp-content\/uploads\/2023\/02\/personas5-300x300.png\" alt=\"\" width=\"64\" height=\"64\" srcset=\"https:\/\/www.campingrodas.com\/wp-content\/uploads\/2023\/02\/personas5-300x300.png 300w, https:\/\/www.campingrodas.com\/wp-content\/uploads\/2023\/02\/personas5-150x150.png 150w, https:\/\/www.campingrodas.com\/wp-content\/uploads\/2023\/02\/personas5.png 512w\" sizes=\"(max-width: 64px) 100vw, 64px\" \/><img decoding=\"async\" class=\"alignnone wp-image-86954\" src=\"https:\/\/www.campingrodas.com\/wp-content\/uploads\/2023\/02\/habitaciones2-300x300.png\" alt=\"\" width=\"64\" height=\"64\" srcset=\"https:\/\/www.campingrodas.com\/wp-content\/uploads\/2023\/02\/habitaciones2-300x300.png 300w, https:\/\/www.campingrodas.com\/wp-content\/uploads\/2023\/02\/habitaciones2-150x150.png 150w, https:\/\/www.campingrodas.com\/wp-content\/uploads\/2023\/02\/habitaciones2.png 512w\" sizes=\"(max-width: 64px) 100vw, 64px\" \/><img decoding=\"async\" class=\"alignnone wp-image-86966\" src=\"https:\/\/www.campingrodas.com\/wp-content\/uploads\/2023\/02\/cocina-300x300.png\" alt=\"\" width=\"64\" height=\"64\" srcset=\"https:\/\/www.campingrodas.com\/wp-content\/uploads\/2023\/02\/cocina-300x300.png 300w, https:\/\/www.campingrodas.com\/wp-content\/uploads\/2023\/02\/cocina-150x150.png 150w, https:\/\/www.campingrodas.com\/wp-content\/uploads\/2023\/02\/cocina.png 512w\" sizes=\"(max-width: 64px) 100vw, 64px\" \/> <img decoding=\"async\" class=\"alignnone wp-image-86972\" src=\"https:\/\/www.campingrodas.com\/wp-content\/uploads\/2023\/02\/NOmascotas-300x300.png\" alt=\"\" width=\"64\" height=\"64\" srcset=\"https:\/\/www.campingrodas.com\/wp-content\/uploads\/2023\/02\/NOmascotas-300x300.png 300w, https:\/\/www.campingrodas.com\/wp-content\/uploads\/2023\/02\/NOmascotas-150x150.png 150w, https:\/\/www.campingrodas.com\/wp-content\/uploads\/2023\/02\/NOmascotas.png 512w\" sizes=\"(max-width: 64px) 100vw, 64px\" \/> <img decoding=\"async\" class=\"alignnone wp-image-86984\" src=\"https:\/\/www.campingrodas.com\/wp-content\/uploads\/2023\/02\/wc-300x300.png\" alt=\"\" width=\"64\" height=\"64\" srcset=\"https:\/\/www.campingrodas.com\/wp-content\/uploads\/2023\/02\/wc-300x300.png 300w, https:\/\/www.campingrodas.com\/wp-content\/uploads\/2023\/02\/wc-150x150.png 150w, https:\/\/www.campingrodas.com\/wp-content\/uploads\/2023\/02\/wc.png 512w\" sizes=\"(max-width: 64px) 100vw, 64px\" \/><img decoding=\"async\" class=\"alignnone wp-image-86990\" src=\"https:\/\/www.campingrodas.com\/wp-content\/uploads\/2023\/02\/wifi-300x300.png\" alt=\"\" width=\"64\" height=\"64\" srcset=\"https:\/\/www.campingrodas.com\/wp-content\/uploads\/2023\/02\/wifi-300x300.png 300w, https:\/\/www.campingrodas.com\/wp-content\/uploads\/2023\/02\/wifi-150x150.png 150w, https:\/\/www.campingrodas.com\/wp-content\/uploads\/2023\/02\/wifi.png 512w\" sizes=\"(max-width: 64px) 100vw, 64px\" \/> <img decoding=\"async\" class=\"alignnone wp-image-88748\" src=\"https:\/\/www.campingrodas.com\/wp-content\/uploads\/2025\/01\/no-airco-2.png\" alt=\"\" width=\"61\" height=\"68\" \/>[\/vc_column_text][vc_row_inner row_inner_height_percent=&#8221;0&#8243; overlay_alpha=&#8221;50&#8243; equal_height=&#8221;yes&#8221; gutter_size=&#8221;0&#8243; shift_y=&#8221;0&#8243; z_index=&#8221;0&#8243; medium_visibility=&#8221;yes&#8221; mobile_visibility=&#8221;yes&#8221; uncode_shortcode_id=&#8221;131975&#8243; el_class=&#8221;botonsJunts&#8221; limit_content=&#8221;&#8221;][vc_column_inner column_width_percent=&#8221;100&#8243; gutter_size=&#8221;3&#8243; overlay_alpha=&#8221;50&#8243; shift_x=&#8221;0&#8243; shift_y=&#8221;0&#8243; shift_y_down=&#8221;0&#8243; z_index=&#8221;0&#8243; medium_width=&#8221;0&#8243; mobile_width=&#8221;0&#8243; width=&#8221;1\/1&#8243; uncode_shortcode_id=&#8221;856255&#8243;][vc_button button_color=&#8221;accent&#8221; radius=&#8221;btn-default-shape&#8221; hover_fx=&#8221;outlined&#8221; outline=&#8221;yes&#8221; border_width=&#8221;0&#8243; button_color_type=&#8221;uncode-palette&#8221; uncode_shortcode_id=&#8221;797497&#8243; link=&#8221;url:https%3A%2F%2Fthelisresa.webcamp.fr%2F%3Fcamping%3Drodas%26lang%3Des|title:Calcula%20estada%2C%20camping%20rodas|&#8221;]CALCULE SU ESTANCIA[\/vc_button][vc_button button_color=&#8221;accent&#8221; radius=&#8221;btn-default-shape&#8221; hover_fx=&#8221;outlined&#8221; outline=&#8221;yes&#8221; border_width=&#8221;0&#8243; button_color_type=&#8221;uncode-palette&#8221; uncode_shortcode_id=&#8221;173222&#8243; link=&#8221;url:https%3A%2F%2Fthelisresa.webcamp.fr%2F%3Fcamping%3Drodas%26lang%3Des|title:Reserva%2C%20camping%20rodas|&#8221; el_id=&#8221;GLAMPINGEMPORDA&#8221;]RESERVA[\/vc_button][vc_button button_color=&#8221;accent&#8221; radius=&#8221;btn-default-shape&#8221; hover_fx=&#8221;outlined&#8221; outline=&#8221;yes&#8221; border_width=&#8221;0&#8243; button_color_type=&#8221;uncode-palette&#8221; uncode_shortcode_id=&#8221;154161&#8243; link=&#8221;url:%2Fwp-content%2Fuploads%2F2023%2F03%2FMapa-Camping-Rodas_2023_web.jpg|title:Planol%2C%20camping%20rodas|target:_blank|&#8221;]PLANO[\/vc_button][\/vc_column_inner][\/vc_row_inner][vc_row_inner row_inner_height_percent=&#8221;0&#8243; overlay_alpha=&#8221;50&#8243; equal_height=&#8221;yes&#8221; gutter_size=&#8221;0&#8243; shift_y=&#8221;0&#8243; z_index=&#8221;0&#8243; desktop_visibility=&#8221;yes&#8221; uncode_shortcode_id=&#8221;123323&#8243; limit_content=&#8221;&#8221;][vc_column_inner column_width_percent=&#8221;100&#8243; align_horizontal=&#8221;align_center&#8221; gutter_size=&#8221;3&#8243; overlay_alpha=&#8221;50&#8243; shift_x=&#8221;0&#8243; shift_y=&#8221;0&#8243; shift_y_down=&#8221;0&#8243; z_index=&#8221;0&#8243; medium_width=&#8221;0&#8243; mobile_width=&#8221;0&#8243; width=&#8221;1\/1&#8243; uncode_shortcode_id=&#8221;666458&#8243;][vc_button button_color=&#8221;accent&#8221; radius=&#8221;btn-default-shape&#8221; hover_fx=&#8221;outlined&#8221; outline=&#8221;yes&#8221; border_width=&#8221;0&#8243; button_color_type=&#8221;uncode-palette&#8221; uncode_shortcode_id=&#8221;308680&#8243; link=&#8221;url:https%3A%2F%2Fthelisresa.webcamp.fr%2F%3Fcamping%3Drodas%26lang%3Des|title:Calcula%20estada%2C%20camping%20rodas|&#8221;]CALCULE SU ESTANCIA[\/vc_button][vc_button button_color=&#8221;accent&#8221; radius=&#8221;btn-default-shape&#8221; hover_fx=&#8221;outlined&#8221; outline=&#8221;yes&#8221; border_width=&#8221;0&#8243; button_color_type=&#8221;uncode-palette&#8221; uncode_shortcode_id=&#8221;159969&#8243; link=&#8221;url:https%3A%2F%2Fthelisresa.webcamp.fr%2F%3Fcamping%3Drodas%26lang%3Des|title:Reserva%2C%20camping%20rodas|&#8221; el_id=&#8221;GLAMPINGEMPORDA_MOBILE&#8221;]RESERVA[\/vc_button][vc_button button_color=&#8221;accent&#8221; radius=&#8221;btn-default-shape&#8221; hover_fx=&#8221;outlined&#8221; outline=&#8221;yes&#8221; border_width=&#8221;0&#8243; button_color_type=&#8221;uncode-palette&#8221; uncode_shortcode_id=&#8221;207471&#8243; link=&#8221;url:%2Fwp-content%2Fuploads%2F2023%2F03%2FMapa-Camping-Rodas_2023_web.jpg|title:Planol%2C%20camping%20rodas|target:_blank|&#8221;]PLANO[\/vc_button][\/vc_column_inner][\/vc_row_inner][\/vc_column][vc_column width=&#8221;1\/2&#8243;][vc_gallery el_id=&#8221;gallery-100782&#8243; type=&#8221;carousel&#8221; medias=&#8221;87449,88587,87473,87479,87507,87485,88595,87455,87467,87461,87500,87436&#8243; explode_albums=&#8221;yes&#8221; carousel_lg=&#8221;1&#8243; carousel_md=&#8221;1&#8243; carousel_sm=&#8221;1&#8243; gutter_size=&#8221;3&#8243; media_items=&#8221;media|lightbox|original&#8221; carousel_interval=&#8221;5000&#8243; carousel_navspeed=&#8221;400&#8243; carousel_loop=&#8221;yes&#8221; carousel_dots=&#8221;yes&#8221; carousel_dots_mobile=&#8221;yes&#8221; stage_padding=&#8221;0&#8243; single_overlay_opacity=&#8221;30&#8243; single_padding=&#8221;2&#8243; single_title_semantic=&#8221;h2&#8243; uncode_shortcode_id=&#8221;111455&#8243;][\/vc_column][\/vc_row][vc_row row_height_percent=&#8221;0&#8243; override_padding=&#8221;yes&#8221; h_padding=&#8221;2&#8243; top_padding=&#8221;2&#8243; bottom_padding=&#8221;3&#8243; overlay_alpha=&#8221;50&#8243; gutter_size=&#8221;3&#8243; column_width_percent=&#8221;100&#8243; shift_y=&#8221;0&#8243; z_index=&#8221;0&#8243; uncode_shortcode_id=&#8221;195896&#8243;][vc_column column_width_percent=&#8221;100&#8243; gutter_size=&#8221;3&#8243; overlay_alpha=&#8221;50&#8243; shift_x=&#8221;0&#8243; shift_y=&#8221;0&#8243; shift_y_down=&#8221;0&#8243; z_index=&#8221;0&#8243; medium_width=&#8221;0&#8243; mobile_width=&#8221;0&#8243; width=&#8221;1\/2&#8243; uncode_shortcode_id=&#8221;187671&#8243; el_id=&#8221;lodge&#8221;][vc_single_image media=&#8221;87769&#8243; media_width_percent=&#8221;100&#8243; uncode_shortcode_id=&#8221;395662&#8243;][\/vc_column][vc_column width=&#8221;1\/2&#8243;][vc_custom_heading text_size=&#8221;h5&#8243; uncode_shortcode_id=&#8221;192091&#8243; subheading=&#8221;El Lodge Cap de Creus \u00e9s un model compacte amb una <b>capacitat m\u00e0xima de 2 persones.<\/b><\/p>\n<p>Cada tenda lodge compta amb un llit de matrimoni (160&#215;200), una petita nevera, ventilador, i disposa de cadires i taula a la terrassa.<\/p>\n<p>La seva superf\u00edcie \u00e9s de 12 metres quadrats, incloent-hi una habitaci\u00f3 de 7,20 metres quadrats i una terrassa coberta de 4,80 metres quadrats m\u00e9s.<\/p>\n<p>Cal tenir en compte que el c\u00e0mping proporciona roba de llit amb canvi setmanal, per\u00f2 no tovalloles. Disposem d\u00b4un servei de lloguer de tovalloles.<\/p>\n<p><b>Aquest tipus d&#8217;allotjament no disposa de bany privat ni d&#8217;aire condicionat. El wifi est\u00e0 incl\u00f2s a l&#8217;estada.<\/b><\/p>\n<p>Les barbacoes de carb\u00f3 o llenya estan prohibides i nom\u00e9s es permet utilitzar barbacoes el\u00e8ctriques o de gas. No s&#8217;accepten animals de companyia.&#8221; text_color_type=&#8221;uncode-palette&#8221; text_color_solid=&#8221;#ff0000&#8243;]LODGE CAP DE CREUS[\/vc_custom_heading][vc_column_text uncode_shortcode_id=&#8221;179557&#8243;]<img decoding=\"async\" class=\"alignnone wp-image-87009\" src=\"https:\/\/www.campingrodas.com\/wp-content\/uploads\/2023\/02\/12m-300x300.png\" alt=\"\" width=\"64\" height=\"64\" srcset=\"https:\/\/www.campingrodas.com\/wp-content\/uploads\/2023\/02\/12m-300x300.png 300w, https:\/\/www.campingrodas.com\/wp-content\/uploads\/2023\/02\/12m-150x150.png 150w, https:\/\/www.campingrodas.com\/wp-content\/uploads\/2023\/02\/12m.png 512w\" sizes=\"(max-width: 64px) 100vw, 64px\" \/><img decoding=\"async\" class=\"alignnone wp-image-87015\" src=\"https:\/\/www.campingrodas.com\/wp-content\/uploads\/2023\/02\/personas2-300x300.png\" alt=\"\" width=\"64\" height=\"64\" srcset=\"https:\/\/www.campingrodas.com\/wp-content\/uploads\/2023\/02\/personas2-300x300.png 300w, https:\/\/www.campingrodas.com\/wp-content\/uploads\/2023\/02\/personas2-150x150.png 150w, https:\/\/www.campingrodas.com\/wp-content\/uploads\/2023\/02\/personas2.png 512w\" sizes=\"(max-width: 64px) 100vw, 64px\" \/><img decoding=\"async\" class=\"alignnone wp-image-87021\" src=\"https:\/\/www.campingrodas.com\/wp-content\/uploads\/2023\/02\/habitaciones1-300x300.png\" alt=\"\" width=\"64\" height=\"64\" srcset=\"https:\/\/www.campingrodas.com\/wp-content\/uploads\/2023\/02\/habitaciones1-300x300.png 300w, https:\/\/www.campingrodas.com\/wp-content\/uploads\/2023\/02\/habitaciones1-150x150.png 150w, https:\/\/www.campingrodas.com\/wp-content\/uploads\/2023\/02\/habitaciones1.png 512w\" sizes=\"(max-width: 64px) 100vw, 64px\" \/><span style=\"font-family: -apple-system, BlinkMacSystemFont, 'Segoe UI', Roboto, Oxygen-Sans, Ubuntu, Cantarell, 'Helvetica Neue', sans-serif;\">\u00a0<\/span><img decoding=\"async\" class=\"alignnone wp-image-86972\" style=\"font-family: -apple-system, BlinkMacSystemFont, 'Segoe UI', Roboto, Oxygen-Sans, Ubuntu, Cantarell, 'Helvetica Neue', sans-serif;\" src=\"https:\/\/www.campingrodas.com\/wp-content\/uploads\/2023\/02\/NOmascotas-300x300.png\" alt=\"\" width=\"64\" height=\"64\" srcset=\"https:\/\/www.campingrodas.com\/wp-content\/uploads\/2023\/02\/NOmascotas-300x300.png 300w, https:\/\/www.campingrodas.com\/wp-content\/uploads\/2023\/02\/NOmascotas-150x150.png 150w, https:\/\/www.campingrodas.com\/wp-content\/uploads\/2023\/02\/NOmascotas.png 512w\" sizes=\"(max-width: 64px) 100vw, 64px\" \/><span style=\"font-family: -apple-system, BlinkMacSystemFont, 'Segoe UI', Roboto, Oxygen-Sans, Ubuntu, Cantarell, 'Helvetica Neue', sans-serif;\"> \u00a0<\/span><img decoding=\"async\" class=\"alignnone wp-image-86990\" style=\"font-family: -apple-system, BlinkMacSystemFont, 'Segoe UI', Roboto, Oxygen-Sans, Ubuntu, Cantarell, 'Helvetica Neue', sans-serif;\" src=\"https:\/\/www.campingrodas.com\/wp-content\/uploads\/2023\/02\/wifi-300x300.png\" alt=\"\" width=\"64\" height=\"64\" srcset=\"https:\/\/www.campingrodas.com\/wp-content\/uploads\/2023\/02\/wifi-300x300.png 300w, https:\/\/www.campingrodas.com\/wp-content\/uploads\/2023\/02\/wifi-150x150.png 150w, https:\/\/www.campingrodas.com\/wp-content\/uploads\/2023\/02\/wifi.png 512w\" sizes=\"(max-width: 64px) 100vw, 64px\" \/> <img decoding=\"async\" class=\"alignnone wp-image-88748\" src=\"https:\/\/www.campingrodas.com\/wp-content\/uploads\/2025\/01\/no-airco-2.png\" alt=\"\" width=\"63\" height=\"69\" \/>[\/vc_column_text][vc_row_inner row_inner_height_percent=&#8221;0&#8243; overlay_alpha=&#8221;50&#8243; equal_height=&#8221;yes&#8221; gutter_size=&#8221;0&#8243; shift_y=&#8221;0&#8243; z_index=&#8221;0&#8243; medium_visibility=&#8221;yes&#8221; mobile_visibility=&#8221;yes&#8221; uncode_shortcode_id=&#8221;131975&#8243; el_class=&#8221;botonsJunts&#8221; limit_content=&#8221;&#8221;][vc_column_inner column_width_percent=&#8221;100&#8243; gutter_size=&#8221;3&#8243; overlay_alpha=&#8221;50&#8243; shift_x=&#8221;0&#8243; shift_y=&#8221;0&#8243; shift_y_down=&#8221;0&#8243; z_index=&#8221;0&#8243; medium_width=&#8221;0&#8243; mobile_width=&#8221;0&#8243; width=&#8221;1\/1&#8243; uncode_shortcode_id=&#8221;856255&#8243;][vc_button button_color=&#8221;accent&#8221; radius=&#8221;btn-default-shape&#8221; hover_fx=&#8221;outlined&#8221; outline=&#8221;yes&#8221; border_width=&#8221;0&#8243; button_color_type=&#8221;uncode-palette&#8221; uncode_shortcode_id=&#8221;797497&#8243; link=&#8221;url:https%3A%2F%2Fthelisresa.webcamp.fr%2F%3Fcamping%3Drodas%26lang%3Des|title:Calcula%20estada%2C%20camping%20rodas|&#8221;]CALCULE SU ESTANCIA[\/vc_button][vc_button button_color=&#8221;accent&#8221; radius=&#8221;btn-default-shape&#8221; hover_fx=&#8221;outlined&#8221; outline=&#8221;yes&#8221; border_width=&#8221;0&#8243; button_color_type=&#8221;uncode-palette&#8221; uncode_shortcode_id=&#8221;278490&#8243; link=&#8221;url:https%3A%2F%2Fthelisresa.webcamp.fr%2F%3Fcamping%3Drodas%26lang%3Des|title:Reserva%2C%20camping%20rodas|&#8221; el_id=&#8221;LODGE&#8221;]RESERVA[\/vc_button][vc_button button_color=&#8221;accent&#8221; radius=&#8221;btn-default-shape&#8221; hover_fx=&#8221;outlined&#8221; outline=&#8221;yes&#8221; border_width=&#8221;0&#8243; button_color_type=&#8221;uncode-palette&#8221; uncode_shortcode_id=&#8221;673937&#8243; link=&#8221;url:%2Fwp-content%2Fuploads%2F2023%2F03%2FMapa-Camping-Rodas_2023_web.jpg|title:Planol%2C%20camping%20rodas|target:_blank|&#8221;]PLANO[\/vc_button][\/vc_column_inner][\/vc_row_inner][vc_row_inner row_inner_height_percent=&#8221;0&#8243; overlay_alpha=&#8221;50&#8243; equal_height=&#8221;yes&#8221; gutter_size=&#8221;0&#8243; shift_y=&#8221;0&#8243; z_index=&#8221;0&#8243; desktop_visibility=&#8221;yes&#8221; uncode_shortcode_id=&#8221;123323&#8243; limit_content=&#8221;&#8221;][vc_column_inner column_width_percent=&#8221;100&#8243; align_horizontal=&#8221;align_center&#8221; gutter_size=&#8221;3&#8243; overlay_alpha=&#8221;50&#8243; shift_x=&#8221;0&#8243; shift_y=&#8221;0&#8243; shift_y_down=&#8221;0&#8243; z_index=&#8221;0&#8243; medium_width=&#8221;0&#8243; mobile_width=&#8221;0&#8243; width=&#8221;1\/1&#8243; uncode_shortcode_id=&#8221;666458&#8243;][vc_button button_color=&#8221;accent&#8221; radius=&#8221;btn-default-shape&#8221; hover_fx=&#8221;outlined&#8221; outline=&#8221;yes&#8221; border_width=&#8221;0&#8243; button_color_type=&#8221;uncode-palette&#8221; uncode_shortcode_id=&#8221;308680&#8243; link=&#8221;url:https%3A%2F%2Fthelisresa.webcamp.fr%2F%3Fcamping%3Drodas%26lang%3Des|title:Calcula%20estada%2C%20camping%20rodas|&#8221;]CALCULE SU ESTANCIA[\/vc_button][vc_button button_color=&#8221;accent&#8221; radius=&#8221;btn-default-shape&#8221; hover_fx=&#8221;outlined&#8221; outline=&#8221;yes&#8221; border_width=&#8221;0&#8243; button_color_type=&#8221;uncode-palette&#8221; uncode_shortcode_id=&#8221;629001&#8243; link=&#8221;url:https%3A%2F%2Fthelisresa.webcamp.fr%2F%3Fcamping%3Drodas%26lang%3Des|title:Reserva%2C%20camping%20rodas|&#8221; el_id=&#8221;LODGE_MOBILE&#8221;]RESERVA[\/vc_button][vc_button button_color=&#8221;accent&#8221; radius=&#8221;btn-default-shape&#8221; hover_fx=&#8221;outlined&#8221; outline=&#8221;yes&#8221; border_width=&#8221;0&#8243; button_color_type=&#8221;uncode-palette&#8221; uncode_shortcode_id=&#8221;160323&#8243; link=&#8221;url:%2Fwp-content%2Fuploads%2F2023%2F03%2FMapa-Camping-Rodas_2023_web.jpg|title:Planol%2C%20camping%20rodas|target:_blank|&#8221;]PLANO[\/vc_button][\/vc_column_inner][\/vc_row_inner][\/vc_column][\/vc_row][vc_row row_height_percent=&#8221;0&#8243; override_padding=&#8221;yes&#8221; h_padding=&#8221;2&#8243; top_padding=&#8221;2&#8243; bottom_padding=&#8221;3&#8243; overlay_alpha=&#8221;50&#8243; gutter_size=&#8221;3&#8243; column_width_percent=&#8221;100&#8243; shift_y=&#8221;0&#8243; z_index=&#8221;0&#8243; uncode_shortcode_id=&#8221;195896&#8243;][vc_column width=&#8221;1\/2&#8243;][vc_custom_heading text_size=&#8221;h5&#8243; uncode_shortcode_id=&#8221;307017&#8243; subheading=&#8221;El Lodge Costa Brava (capacitat m\u00e0xima 2 persones) \u00e9s l&#8217;allotjament del C\u00e0mping Rodas pensat per a parelles, excursionistes i per a totes aquelles persones que es vulguin introduir al m\u00f3n del c\u00e0mping.<br \/>\nCada espai est\u00e0 equipat amb dos llits individuals, una petita nevera i disposen de cadires i taula a la terrassa.<br \/>\nAquest allotjament no hi ha aire condicionat.<\/p>\n<p>S\u00f3n allotjaments de tipus lodge, amb capacitat per a dues persones. Cadasc\u00fa t\u00e9 una superf\u00edcie de 12 metres quadrats, incloent una habitaci\u00f3 de 7,20 metres quadrats i una terrassa coberta de 4,80 metres quadrats m\u00e9s.<\/p>\n<p>Cal tenir en compte que el c\u00e0mping proporciona roba de llit, per\u00f2 no tovalloles, encara que disposem d\u00b4un servei de lloguer de tovalloles.<\/p>\n<p>Les barbacoes de carb\u00f3 o llenya estan prohibides i nom\u00e9s es permet utilitzar barbacoes el\u00e8ctriques o de gas. No s&#8217;accepten animals.&#8221; text_color_type=&#8221;uncode-palette&#8221; text_color_solid=&#8221;#ff0000&#8243;]LODGE COSTA BRAVA[\/vc_custom_heading][vc_column_text uncode_shortcode_id=&#8221;824284&#8243;]<img decoding=\"async\" class=\"alignnone wp-image-87009\" src=\"https:\/\/www.campingrodas.com\/wp-content\/uploads\/2023\/02\/12m-300x300.png\" alt=\"\" width=\"64\" height=\"64\" srcset=\"https:\/\/www.campingrodas.com\/wp-content\/uploads\/2023\/02\/12m-300x300.png 300w, https:\/\/www.campingrodas.com\/wp-content\/uploads\/2023\/02\/12m-150x150.png 150w, https:\/\/www.campingrodas.com\/wp-content\/uploads\/2023\/02\/12m.png 512w\" sizes=\"(max-width: 64px) 100vw, 64px\" \/><img decoding=\"async\" class=\"alignnone wp-image-87015\" src=\"https:\/\/www.campingrodas.com\/wp-content\/uploads\/2023\/02\/personas2-300x300.png\" alt=\"\" width=\"64\" height=\"64\" srcset=\"https:\/\/www.campingrodas.com\/wp-content\/uploads\/2023\/02\/personas2-300x300.png 300w, https:\/\/www.campingrodas.com\/wp-content\/uploads\/2023\/02\/personas2-150x150.png 150w, https:\/\/www.campingrodas.com\/wp-content\/uploads\/2023\/02\/personas2.png 512w\" sizes=\"(max-width: 64px) 100vw, 64px\" \/><img decoding=\"async\" class=\"alignnone wp-image-87021\" src=\"https:\/\/www.campingrodas.com\/wp-content\/uploads\/2023\/02\/habitaciones1-300x300.png\" alt=\"\" width=\"64\" height=\"64\" srcset=\"https:\/\/www.campingrodas.com\/wp-content\/uploads\/2023\/02\/habitaciones1-300x300.png 300w, https:\/\/www.campingrodas.com\/wp-content\/uploads\/2023\/02\/habitaciones1-150x150.png 150w, https:\/\/www.campingrodas.com\/wp-content\/uploads\/2023\/02\/habitaciones1.png 512w\" sizes=\"(max-width: 64px) 100vw, 64px\" \/><span style=\"font-family: -apple-system, BlinkMacSystemFont, 'Segoe UI', Roboto, Oxygen-Sans, Ubuntu, Cantarell, 'Helvetica Neue', sans-serif;\">\u00a0<\/span><img decoding=\"async\" class=\"alignnone wp-image-86972\" style=\"font-family: -apple-system, BlinkMacSystemFont, 'Segoe UI', Roboto, Oxygen-Sans, Ubuntu, Cantarell, 'Helvetica Neue', sans-serif;\" src=\"https:\/\/www.campingrodas.com\/wp-content\/uploads\/2023\/02\/NOmascotas-300x300.png\" alt=\"\" width=\"64\" height=\"64\" srcset=\"https:\/\/www.campingrodas.com\/wp-content\/uploads\/2023\/02\/NOmascotas-300x300.png 300w, https:\/\/www.campingrodas.com\/wp-content\/uploads\/2023\/02\/NOmascotas-150x150.png 150w, https:\/\/www.campingrodas.com\/wp-content\/uploads\/2023\/02\/NOmascotas.png 512w\" sizes=\"(max-width: 64px) 100vw, 64px\" \/><span style=\"font-family: -apple-system, BlinkMacSystemFont, 'Segoe UI', Roboto, Oxygen-Sans, Ubuntu, Cantarell, 'Helvetica Neue', sans-serif;\"> \u00a0<\/span><img decoding=\"async\" class=\"alignnone wp-image-86990\" style=\"font-family: -apple-system, BlinkMacSystemFont, 'Segoe UI', Roboto, Oxygen-Sans, Ubuntu, Cantarell, 'Helvetica Neue', sans-serif;\" src=\"https:\/\/www.campingrodas.com\/wp-content\/uploads\/2023\/02\/wifi-300x300.png\" alt=\"\" width=\"64\" height=\"64\" srcset=\"https:\/\/www.campingrodas.com\/wp-content\/uploads\/2023\/02\/wifi-300x300.png 300w, https:\/\/www.campingrodas.com\/wp-content\/uploads\/2023\/02\/wifi-150x150.png 150w, https:\/\/www.campingrodas.com\/wp-content\/uploads\/2023\/02\/wifi.png 512w\" sizes=\"(max-width: 64px) 100vw, 64px\" \/> <img decoding=\"async\" class=\"alignnone wp-image-88748\" src=\"https:\/\/www.campingrodas.com\/wp-content\/uploads\/2025\/01\/no-airco-2.png\" alt=\"\" width=\"63\" height=\"70\" \/>[\/vc_column_text][vc_row_inner row_inner_height_percent=&#8221;0&#8243; overlay_alpha=&#8221;50&#8243; equal_height=&#8221;yes&#8221; gutter_size=&#8221;0&#8243; shift_y=&#8221;0&#8243; z_index=&#8221;0&#8243; medium_visibility=&#8221;yes&#8221; mobile_visibility=&#8221;yes&#8221; uncode_shortcode_id=&#8221;131975&#8243; el_class=&#8221;botonsJunts&#8221; limit_content=&#8221;&#8221;][vc_column_inner column_width_percent=&#8221;100&#8243; gutter_size=&#8221;3&#8243; overlay_alpha=&#8221;50&#8243; shift_x=&#8221;0&#8243; shift_y=&#8221;0&#8243; shift_y_down=&#8221;0&#8243; z_index=&#8221;0&#8243; medium_width=&#8221;0&#8243; mobile_width=&#8221;0&#8243; width=&#8221;1\/1&#8243; uncode_shortcode_id=&#8221;856255&#8243;][vc_button button_color=&#8221;accent&#8221; radius=&#8221;btn-default-shape&#8221; hover_fx=&#8221;outlined&#8221; outline=&#8221;yes&#8221; border_width=&#8221;0&#8243; button_color_type=&#8221;uncode-palette&#8221; uncode_shortcode_id=&#8221;797497&#8243; link=&#8221;url:https%3A%2F%2Fthelisresa.webcamp.fr%2F%3Fcamping%3Drodas%26lang%3Des|title:Calcula%20estada%2C%20camping%20rodas|&#8221;]CALCULE SU ESTANCIA[\/vc_button][vc_button button_color=&#8221;accent&#8221; radius=&#8221;btn-default-shape&#8221; hover_fx=&#8221;outlined&#8221; outline=&#8221;yes&#8221; border_width=&#8221;0&#8243; button_color_type=&#8221;uncode-palette&#8221; uncode_shortcode_id=&#8221;278490&#8243; link=&#8221;url:https%3A%2F%2Fthelisresa.webcamp.fr%2F%3Fcamping%3Drodas%26lang%3Des|title:Reserva%2C%20camping%20rodas|&#8221; el_id=&#8221;LODGE&#8221;]RESERVA[\/vc_button][vc_button button_color=&#8221;accent&#8221; radius=&#8221;btn-default-shape&#8221; hover_fx=&#8221;outlined&#8221; outline=&#8221;yes&#8221; border_width=&#8221;0&#8243; button_color_type=&#8221;uncode-palette&#8221; uncode_shortcode_id=&#8221;673937&#8243; link=&#8221;url:%2Fwp-content%2Fuploads%2F2023%2F03%2FMapa-Camping-Rodas_2023_web.jpg|title:Planol%2C%20camping%20rodas|target:_blank|&#8221;]PLANO[\/vc_button][\/vc_column_inner][\/vc_row_inner][vc_row_inner row_inner_height_percent=&#8221;0&#8243; overlay_alpha=&#8221;50&#8243; equal_height=&#8221;yes&#8221; gutter_size=&#8221;0&#8243; shift_y=&#8221;0&#8243; z_index=&#8221;0&#8243; desktop_visibility=&#8221;yes&#8221; uncode_shortcode_id=&#8221;123323&#8243; limit_content=&#8221;&#8221;][vc_column_inner column_width_percent=&#8221;100&#8243; align_horizontal=&#8221;align_center&#8221; gutter_size=&#8221;3&#8243; overlay_alpha=&#8221;50&#8243; shift_x=&#8221;0&#8243; shift_y=&#8221;0&#8243; shift_y_down=&#8221;0&#8243; z_index=&#8221;0&#8243; medium_width=&#8221;0&#8243; mobile_width=&#8221;0&#8243; width=&#8221;1\/1&#8243; uncode_shortcode_id=&#8221;666458&#8243;][vc_button button_color=&#8221;accent&#8221; radius=&#8221;btn-default-shape&#8221; hover_fx=&#8221;outlined&#8221; outline=&#8221;yes&#8221; border_width=&#8221;0&#8243; button_color_type=&#8221;uncode-palette&#8221; uncode_shortcode_id=&#8221;308680&#8243; link=&#8221;url:https%3A%2F%2Fthelisresa.webcamp.fr%2F%3Fcamping%3Drodas%26lang%3Des|title:Calcula%20estada%2C%20camping%20rodas|&#8221;]CALCULE SU ESTANCIA[\/vc_button][vc_button button_color=&#8221;accent&#8221; radius=&#8221;btn-default-shape&#8221; hover_fx=&#8221;outlined&#8221; outline=&#8221;yes&#8221; border_width=&#8221;0&#8243; button_color_type=&#8221;uncode-palette&#8221; uncode_shortcode_id=&#8221;629001&#8243; link=&#8221;url:https%3A%2F%2Fthelisresa.webcamp.fr%2F%3Fcamping%3Drodas%26lang%3Des|title:Reserva%2C%20camping%20rodas|&#8221; el_id=&#8221;LODGE_MOBILE&#8221;]RESERVA[\/vc_button][vc_button button_color=&#8221;accent&#8221; radius=&#8221;btn-default-shape&#8221; hover_fx=&#8221;outlined&#8221; outline=&#8221;yes&#8221; border_width=&#8221;0&#8243; button_color_type=&#8221;uncode-palette&#8221; uncode_shortcode_id=&#8221;160323&#8243; link=&#8221;url:%2Fwp-content%2Fuploads%2F2023%2F03%2FMapa-Camping-Rodas_2023_web.jpg|title:Planol%2C%20camping%20rodas|target:_blank|&#8221;]PLANO[\/vc_button][\/vc_column_inner][\/vc_row_inner][\/vc_column][vc_column column_width_percent=&#8221;100&#8243; gutter_size=&#8221;3&#8243; overlay_alpha=&#8221;50&#8243; shift_x=&#8221;0&#8243; shift_y=&#8221;0&#8243; shift_y_down=&#8221;0&#8243; z_index=&#8221;0&#8243; medium_width=&#8221;0&#8243; mobile_width=&#8221;0&#8243; width=&#8221;1\/2&#8243; uncode_shortcode_id=&#8221;187671&#8243; el_id=&#8221;lodge&#8221;][vc_gallery el_id=&#8221;gallery-100781&#8243; type=&#8221;carousel&#8221; medias=&#8221;88555,88495,86598,88507,84018,84024&#8243; explode_albums=&#8221;yes&#8221; carousel_lg=&#8221;1&#8243; carousel_md=&#8221;1&#8243; carousel_sm=&#8221;1&#8243; gutter_size=&#8221;3&#8243; media_items=&#8221;media|lightbox|original&#8221; carousel_interval=&#8221;5000&#8243; carousel_navspeed=&#8221;400&#8243; carousel_loop=&#8221;yes&#8221; carousel_dots=&#8221;yes&#8221; carousel_dots_mobile=&#8221;yes&#8221; stage_padding=&#8221;0&#8243; single_overlay_opacity=&#8221;30&#8243; single_padding=&#8221;2&#8243; single_title_semantic=&#8221;h2&#8243; uncode_shortcode_id=&#8221;963341&#8243;][\/vc_column][\/vc_row][vc_row][vc_column width=&#8221;1\/1&#8243;][uncode_block id=&#8221;83903&#8243;][\/vc_column][\/vc_row]<\/p>\n<\/div>","protected":false},"excerpt":{"rendered":"<p>[vc_row][vc_column width=&#8221;1\/1&#8243;][vc_row_inner limit_content=&#8221;&#8221;][vc_column_inner column_width_percent=&#8221;100&#8243; position_horizontal=&#8221;right&#8221; align_horizontal=&#8221;align_right&#8221; gutter_size=&#8221;3&#8243; overlay_alpha=&#8221;50&#8243; shift_x=&#8221;0&#8243; shift_y=&#8221;0&#8243; shift_y_down=&#8221;0&#8243; z_index=&#8221;0&#8243; medium_width=&#8221;0&#8243; mobile_width=&#8221;0&#8243; width=&#8221;1\/4&#8243; uncode_shortcode_id=&#8221;150209&#8243;][\/vc_column_inner][vc_column_inner column_width_percent=&#8221;100&#8243; position_horizontal=&#8221;left&#8221; gutter_size=&#8221;3&#8243; overlay_alpha=&#8221;50&#8243; [&hellip;]<\/p>\n","protected":false},"author":2,"featured_media":88066,"parent":0,"menu_order":82,"comment_status":"closed","ping_status":"closed","template":"","meta":{"footnotes":""},"class_list":["post-85226","page","type-page","status-publish","has-post-thumbnail","hentry"],"yoast_head":"<!-- This site is optimized with the Yoast SEO plugin v25.2 - https:\/\/yoast.com\/wordpress\/plugins\/seo\/ -->\n<title>Glamping - Camping Rodas | Roses |\u00a0Costa brava<\/title>\n<meta name=\"robots\" content=\"index, follow, max-snippet:-1, max-image-preview:large, max-video-preview:-1\" \/>\n<link rel=\"canonical\" href=\"https:\/\/www.campingrodas.com\/ca\/lodge\/\" \/>\n<meta property=\"og:locale\" content=\"ca_ES\" \/>\n<meta property=\"og:type\" content=\"article\" \/>\n<meta property=\"og:title\" content=\"Glamping - Camping Rodas | Roses |\u00a0Costa brava\" \/>\n<meta property=\"og:description\" content=\"[vc_row][vc_column width=&#8221;1\/1&#8243;][vc_row_inner limit_content=&#8221;&#8221;][vc_column_inner column_width_percent=&#8221;100&#8243; position_horizontal=&#8221;right&#8221; align_horizontal=&#8221;align_right&#8221; gutter_size=&#8221;3&#8243; overlay_alpha=&#8221;50&#8243; shift_x=&#8221;0&#8243; shift_y=&#8221;0&#8243; shift_y_down=&#8221;0&#8243; z_index=&#8221;0&#8243; medium_width=&#8221;0&#8243; mobile_width=&#8221;0&#8243; width=&#8221;1\/4&#8243; uncode_shortcode_id=&#8221;150209&#8243;][\/vc_column_inner][vc_column_inner column_width_percent=&#8221;100&#8243; position_horizontal=&#8221;left&#8221; gutter_size=&#8221;3&#8243; overlay_alpha=&#8221;50&#8243; [&hellip;]\" \/>\n<meta property=\"og:url\" content=\"https:\/\/www.campingrodas.com\/ca\/lodge\/\" \/>\n<meta property=\"og:site_name\" content=\"Camping Rodas | Roses |\u00a0Costa brava\" \/>\n<meta property=\"article:publisher\" content=\"https:\/\/www.facebook.com\/campingrodas\" \/>\n<meta property=\"article:modified_time\" content=\"2025-02-12T15:11:55+00:00\" \/>\n<meta property=\"og:image\" content=\"https:\/\/www.campingrodas.com\/wp-content\/uploads\/2024\/02\/IMG_6166v2-Mediano-e1709210210967.jpg\" \/>\n\t<meta property=\"og:image:width\" content=\"938\" \/>\n\t<meta property=\"og:image:height\" content=\"768\" \/>\n\t<meta property=\"og:image:type\" content=\"image\/jpeg\" \/>\n<meta name=\"twitter:card\" content=\"summary_large_image\" \/>\n<meta name=\"twitter:site\" content=\"@campingrodas\" \/>\n<meta name=\"twitter:label1\" content=\"Temps estimat de lectura\" \/>\n\t<meta name=\"twitter:data1\" content=\"2 minuts\" \/>\n<script type=\"application\/ld+json\" class=\"yoast-schema-graph\">{\"@context\":\"https:\/\/schema.org\",\"@graph\":[{\"@type\":\"WebPage\",\"@id\":\"https:\/\/www.campingrodas.com\/ca\/lodge\/\",\"url\":\"https:\/\/www.campingrodas.com\/ca\/lodge\/\",\"name\":\"Glamping - Camping Rodas | Roses |\u00a0Costa brava\",\"isPartOf\":{\"@id\":\"https:\/\/www.campingrodas.com\/ca\/#website\"},\"primaryImageOfPage\":{\"@id\":\"https:\/\/www.campingrodas.com\/ca\/lodge\/#primaryimage\"},\"image\":{\"@id\":\"https:\/\/www.campingrodas.com\/ca\/lodge\/#primaryimage\"},\"thumbnailUrl\":\"https:\/\/www.campingrodas.com\/wp-content\/uploads\/2024\/02\/IMG_6166v2-Mediano-e1709210210967.jpg\",\"datePublished\":\"2022-05-10T08:55:53+00:00\",\"dateModified\":\"2025-02-12T15:11:55+00:00\",\"breadcrumb\":{\"@id\":\"https:\/\/www.campingrodas.com\/ca\/lodge\/#breadcrumb\"},\"inLanguage\":\"ca\",\"potentialAction\":[{\"@type\":\"ReadAction\",\"target\":[\"https:\/\/www.campingrodas.com\/ca\/lodge\/\"]}]},{\"@type\":\"ImageObject\",\"inLanguage\":\"ca\",\"@id\":\"https:\/\/www.campingrodas.com\/ca\/lodge\/#primaryimage\",\"url\":\"https:\/\/www.campingrodas.com\/wp-content\/uploads\/2024\/02\/IMG_6166v2-Mediano-e1709210210967.jpg\",\"contentUrl\":\"https:\/\/www.campingrodas.com\/wp-content\/uploads\/2024\/02\/IMG_6166v2-Mediano-e1709210210967.jpg\",\"width\":938,\"height\":768},{\"@type\":\"BreadcrumbList\",\"@id\":\"https:\/\/www.campingrodas.com\/ca\/lodge\/#breadcrumb\",\"itemListElement\":[{\"@type\":\"ListItem\",\"position\":1,\"name\":\"Inici\",\"item\":\"https:\/\/www.campingrodas.com\/ca\/\"},{\"@type\":\"ListItem\",\"position\":2,\"name\":\"Glamping\"}]},{\"@type\":\"WebSite\",\"@id\":\"https:\/\/www.campingrodas.com\/ca\/#website\",\"url\":\"https:\/\/www.campingrodas.com\/ca\/\",\"name\":\"Camping Rodas | Roses |\u00a0Costa brava\",\"description\":\"Camping familiar ubicado en el la entrada del pueblo de Roses, muy cerca de la playa de Santa Margarita\",\"publisher\":{\"@id\":\"https:\/\/www.campingrodas.com\/ca\/#organization\"},\"potentialAction\":[{\"@type\":\"SearchAction\",\"target\":{\"@type\":\"EntryPoint\",\"urlTemplate\":\"https:\/\/www.campingrodas.com\/ca\/?s={search_term_string}\"},\"query-input\":{\"@type\":\"PropertyValueSpecification\",\"valueRequired\":true,\"valueName\":\"search_term_string\"}}],\"inLanguage\":\"ca\"},{\"@type\":\"Organization\",\"@id\":\"https:\/\/www.campingrodas.com\/ca\/#organization\",\"name\":\"Camping Rodas\",\"url\":\"https:\/\/www.campingrodas.com\/ca\/\",\"logo\":{\"@type\":\"ImageObject\",\"inLanguage\":\"ca\",\"@id\":\"https:\/\/www.campingrodas.com\/ca\/#\/schema\/logo\/image\/\",\"url\":\"https:\/\/www.campingrodas.com\/wp-content\/uploads\/2022\/04\/camping-rodas_logo_positiu.png\",\"contentUrl\":\"https:\/\/www.campingrodas.com\/wp-content\/uploads\/2022\/04\/camping-rodas_logo_positiu.png\",\"width\":229,\"height\":53,\"caption\":\"Camping Rodas\"},\"image\":{\"@id\":\"https:\/\/www.campingrodas.com\/ca\/#\/schema\/logo\/image\/\"},\"sameAs\":[\"https:\/\/www.facebook.com\/campingrodas\",\"https:\/\/x.com\/campingrodas\",\"https:\/\/www.instagram.com\/campingrodas\/\"]}]}<\/script>\n<!-- \/ Yoast SEO plugin. -->","yoast_head_json":{"title":"Glamping - Camping Rodas | Roses |\u00a0Costa brava","robots":{"index":"index","follow":"follow","max-snippet":"max-snippet:-1","max-image-preview":"max-image-preview:large","max-video-preview":"max-video-preview:-1"},"canonical":"https:\/\/www.campingrodas.com\/ca\/lodge\/","og_locale":"ca_ES","og_type":"article","og_title":"Glamping - Camping Rodas | Roses |\u00a0Costa brava","og_description":"[vc_row][vc_column width=&#8221;1\/1&#8243;][vc_row_inner limit_content=&#8221;&#8221;][vc_column_inner column_width_percent=&#8221;100&#8243; position_horizontal=&#8221;right&#8221; align_horizontal=&#8221;align_right&#8221; gutter_size=&#8221;3&#8243; overlay_alpha=&#8221;50&#8243; shift_x=&#8221;0&#8243; shift_y=&#8221;0&#8243; shift_y_down=&#8221;0&#8243; z_index=&#8221;0&#8243; medium_width=&#8221;0&#8243; mobile_width=&#8221;0&#8243; width=&#8221;1\/4&#8243; uncode_shortcode_id=&#8221;150209&#8243;][\/vc_column_inner][vc_column_inner column_width_percent=&#8221;100&#8243; position_horizontal=&#8221;left&#8221; gutter_size=&#8221;3&#8243; overlay_alpha=&#8221;50&#8243; [&hellip;]","og_url":"https:\/\/www.campingrodas.com\/ca\/lodge\/","og_site_name":"Camping Rodas | Roses |\u00a0Costa brava","article_publisher":"https:\/\/www.facebook.com\/campingrodas","article_modified_time":"2025-02-12T15:11:55+00:00","og_image":[{"width":938,"height":768,"url":"https:\/\/www.campingrodas.com\/wp-content\/uploads\/2024\/02\/IMG_6166v2-Mediano-e1709210210967.jpg","type":"image\/jpeg"}],"twitter_card":"summary_large_image","twitter_site":"@campingrodas","twitter_misc":{"Temps estimat de lectura":"2 minuts"},"schema":{"@context":"https:\/\/schema.org","@graph":[{"@type":"WebPage","@id":"https:\/\/www.campingrodas.com\/ca\/lodge\/","url":"https:\/\/www.campingrodas.com\/ca\/lodge\/","name":"Glamping - Camping Rodas | Roses |\u00a0Costa brava","isPartOf":{"@id":"https:\/\/www.campingrodas.com\/ca\/#website"},"primaryImageOfPage":{"@id":"https:\/\/www.campingrodas.com\/ca\/lodge\/#primaryimage"},"image":{"@id":"https:\/\/www.campingrodas.com\/ca\/lodge\/#primaryimage"},"thumbnailUrl":"https:\/\/www.campingrodas.com\/wp-content\/uploads\/2024\/02\/IMG_6166v2-Mediano-e1709210210967.jpg","datePublished":"2022-05-10T08:55:53+00:00","dateModified":"2025-02-12T15:11:55+00:00","breadcrumb":{"@id":"https:\/\/www.campingrodas.com\/ca\/lodge\/#breadcrumb"},"inLanguage":"ca","potentialAction":[{"@type":"ReadAction","target":["https:\/\/www.campingrodas.com\/ca\/lodge\/"]}]},{"@type":"ImageObject","inLanguage":"ca","@id":"https:\/\/www.campingrodas.com\/ca\/lodge\/#primaryimage","url":"https:\/\/www.campingrodas.com\/wp-content\/uploads\/2024\/02\/IMG_6166v2-Mediano-e1709210210967.jpg","contentUrl":"https:\/\/www.campingrodas.com\/wp-content\/uploads\/2024\/02\/IMG_6166v2-Mediano-e1709210210967.jpg","width":938,"height":768},{"@type":"BreadcrumbList","@id":"https:\/\/www.campingrodas.com\/ca\/lodge\/#breadcrumb","itemListElement":[{"@type":"ListItem","position":1,"name":"Inici","item":"https:\/\/www.campingrodas.com\/ca\/"},{"@type":"ListItem","position":2,"name":"Glamping"}]},{"@type":"WebSite","@id":"https:\/\/www.campingrodas.com\/ca\/#website","url":"https:\/\/www.campingrodas.com\/ca\/","name":"Camping Rodas | Roses |\u00a0Costa brava","description":"Camping familiar ubicado en el la entrada del pueblo de Roses, muy cerca de la playa de Santa Margarita","publisher":{"@id":"https:\/\/www.campingrodas.com\/ca\/#organization"},"potentialAction":[{"@type":"SearchAction","target":{"@type":"EntryPoint","urlTemplate":"https:\/\/www.campingrodas.com\/ca\/?s={search_term_string}"},"query-input":{"@type":"PropertyValueSpecification","valueRequired":true,"valueName":"search_term_string"}}],"inLanguage":"ca"},{"@type":"Organization","@id":"https:\/\/www.campingrodas.com\/ca\/#organization","name":"Camping Rodas","url":"https:\/\/www.campingrodas.com\/ca\/","logo":{"@type":"ImageObject","inLanguage":"ca","@id":"https:\/\/www.campingrodas.com\/ca\/#\/schema\/logo\/image\/","url":"https:\/\/www.campingrodas.com\/wp-content\/uploads\/2022\/04\/camping-rodas_logo_positiu.png","contentUrl":"https:\/\/www.campingrodas.com\/wp-content\/uploads\/2022\/04\/camping-rodas_logo_positiu.png","width":229,"height":53,"caption":"Camping Rodas"},"image":{"@id":"https:\/\/www.campingrodas.com\/ca\/#\/schema\/logo\/image\/"},"sameAs":["https:\/\/www.facebook.com\/campingrodas","https:\/\/x.com\/campingrodas","https:\/\/www.instagram.com\/campingrodas\/"]}]}},"_links":{"self":[{"href":"https:\/\/www.campingrodas.com\/ca\/wp-json\/wp\/v2\/pages\/85226","targetHints":{"allow":["GET"]}}],"collection":[{"href":"https:\/\/www.campingrodas.com\/ca\/wp-json\/wp\/v2\/pages"}],"about":[{"href":"https:\/\/www.campingrodas.com\/ca\/wp-json\/wp\/v2\/types\/page"}],"author":[{"embeddable":true,"href":"https:\/\/www.campingrodas.com\/ca\/wp-json\/wp\/v2\/users\/2"}],"replies":[{"embeddable":true,"href":"https:\/\/www.campingrodas.com\/ca\/wp-json\/wp\/v2\/comments?post=85226"}],"version-history":[{"count":42,"href":"https:\/\/www.campingrodas.com\/ca\/wp-json\/wp\/v2\/pages\/85226\/revisions"}],"predecessor-version":[{"id":88815,"href":"https:\/\/www.campingrodas.com\/ca\/wp-json\/wp\/v2\/pages\/85226\/revisions\/88815"}],"wp:featuredmedia":[{"embeddable":true,"href":"https:\/\/www.campingrodas.com\/ca\/wp-json\/wp\/v2\/media\/88066"}],"wp:attachment":[{"href":"https:\/\/www.campingrodas.com\/ca\/wp-json\/wp\/v2\/media?parent=85226"}],"curies":[{"name":"wp","href":"https:\/\/api.w.org\/{rel}","templated":true}]}}